{"id":370,"date":"2018-03-15T08:39:43","date_gmt":"2018-03-15T11:39:43","guid":{"rendered":"https:\/\/unisalesiano.com.br\/?page_id=370"},"modified":"2026-02-09T16:59:46","modified_gmt":"2026-02-09T19:59:46","slug":"historico","status":"publish","type":"page","link":"https:\/\/unisalesiano.com.br\/aracatuba\/historico\/","title":{"rendered":"Hist\u00f3rico"},"content":{"rendered":"<h3><strong>Resumo Hist\u00f3rico Salesiano<\/strong><\/h3>\n<p><img loading=\"lazy\" decoding=\"async\" class=\"size-full wp-image-50388 alignleft\" src=\"https:\/\/unisalesiano.com.br\/aracatuba\/wp-content\/uploads\/2026\/02\/Historico1.jpg\" alt=\"\" width=\"520\" height=\"200\" \/><\/p>\n<p>Os Salesianos chegaram a Cuiab\u00e1-MT, em 18 de julho de 1894, coordenados por Dom Luiz Lasagna, onde fundaram a Miss\u00e3o Salesiana de Mato Grosso-MS.<\/p>\n<p>Os seus primeiros l\u00edderes e representantes seguiram para aquele Estado com o objetivo de continuar a obra educativa e crist\u00e3 iniciada por Dom Bosco, fundador da Obra Salesiana.<\/p>\n<p>Hoje, a Miss\u00e3o Salesiana de Mato Grosso administra mais de 20 escolas, a Universidade Cat\u00f3lica Dom Bosco (UCDB), em Campo Grande-MS, e o UniSALESIANO &#8211; Centro Universit\u00e1rio Cat\u00f3lico Salesiano Auxilium &#8211; em Lins-SP e Ara\u00e7atuba-SP.<\/p>\n<p>&nbsp;<\/p>\n<h3><strong>Os Salesianos em Ara\u00e7atuba<\/strong><\/h3>\n<p><img loading=\"lazy\" decoding=\"async\" class=\"size-full wp-image-50386 alignleft\" src=\"https:\/\/unisalesiano.com.br\/aracatuba\/wp-content\/uploads\/2026\/02\/Historico2.jpg\" alt=\"\" width=\"520\" height=\"200\" \/><\/p>\n<p>Em 1949, os Salesianos chegaram a Ara\u00e7atuba com o intuito de expandir o trabalho de Dom Bosco. J\u00e1 no ano seguinte, a Obra Salesiana deu in\u00edcio a suas atividades no munic\u00edpio.<\/p>\n<p>As personalidades que marcaram a hist\u00f3ria do Col\u00e9gio Salesiano foram o p\u00e1roco local, Monsenhor Vitor Mazzei, que estimulou a chegada dos salesianos \u00e0 cidade, e o Pe. Pedro Cometti, respons\u00e1vel pelo in\u00edcio dos trabalhos.<\/p>\n<p>A partir de 1950, a presen\u00e7a salesiana come\u00e7ou a ganhar destaque com a atua\u00e7\u00e3o de Pe. M\u00e1rio Pellatiero, primeiro diretor do Col\u00e9gio, e do Pe. Francisco Sersen, construtor da Igreja Paroquial.<\/p>\n<p>O terreno onde a escola foi constru\u00edda, na Rua Cussy de Almeida, foi doado pelos senhores Francisco Cocapieller, Gabriel Ganme e Jo\u00e3o Francisco dos Santos.<\/p>\n<p>&nbsp;<\/p>\n<h3><strong>As Faculdades Cat\u00f3licas Salesianas<\/strong><\/h3>\n<p><img loading=\"lazy\" decoding=\"async\" class=\"size-full wp-image-50405 alignleft\" src=\"https:\/\/unisalesiano.com.br\/aracatuba\/wp-content\/uploads\/2026\/02\/Historico4.jpg\" alt=\"\" width=\"520\" height=\"200\" \/><\/p>\n<p>O Ensino Superior teve in\u00edcio nos Salesianos de Ara\u00e7atuba a partir de 1974. Naquele ano, foi criada a Faculdade de Ci\u00eancias Cont\u00e1beis e Atuariais da Alta Noroeste, com o Curso de Ci\u00eancias Cont\u00e1beis.<\/p>\n<p>Em 1993, foi instalada a Faculdade de Tecnologia da Alta Noroeste, com o Curso de Tecnologia em Processamento de Dados. Em 2001, era criado o Curso de Engenharia e, em 2002, dois novos Programas eram implantados: Engenharia Mecatr\u00f4nica e Engenharia da Computa\u00e7\u00e3o.<\/p>\n<p>Com a chegada do novo Diretor, Pe. Luigi Favero, em janeiro de 2002, embora as \u00e1reas se mantivessem distintas, todos os Cursos Superiores da Institui\u00e7\u00e3o foram abrigados sob o novo nome de Faculdades Cat\u00f3licas Salesianas, t\u00edtulo que vigorou at\u00e9 28 de julho de 2005, quando se tornou um centro universit\u00e1rio.<\/p>\n<p>Em 2003, surgia a Faculdade de Ci\u00eancias Sociais Aplicadas da Alta Noroeste que, de imediato, iniciou os Cursos de Direito, Turismo, Administra\u00e7\u00e3o e Publicidade e Propaganda.<\/p>\n<p>Em 23 de outubro de 2003, as Faculdades Cat\u00f3licas Salesianas assumem a Universidade Aberta da Melhor Idade (UNA), que funciona na antiga Vila Ferrovi\u00e1ria, no centro de Ara\u00e7atuba.<\/p>\n<p>Em fevereiro de 2004, foram inauguradas as Cl\u00ednicas de Enfermagem e Fisioterapia, no antigo centro ferrovi\u00e1rio, situado no centro de Ara\u00e7atuba.<\/p>\n<p>&nbsp;<\/p>\n<h3><strong>As Faculdades Cat\u00f3licas Salesianas de Lins (Sede)<\/strong><\/h3>\n<p><img loading=\"lazy\" decoding=\"async\" class=\"size-full wp-image-50406 alignleft\" src=\"https:\/\/unisalesiano.com.br\/aracatuba\/wp-content\/uploads\/2026\/02\/Historico5.jpg\" alt=\"\" width=\"520\" height=\"200\" \/><\/p>\n<p>Dom Henrique Mour\u00e3o, bispo salesiano de Lins, iniciara sua atividade educativa na Diocese com um col\u00e9gio onde funcionava a Escola de Com\u00e9rcio. Com a chegada dos padres salesianos, em 1939, a continuidade de seu projeto educativo estaria garantida. Eles assumiram, inicialmente, a par\u00f3quia Dom Bosco; em 1942, assumiram tamb\u00e9m o col\u00e9gio e, nele, atuaram at\u00e9 1966 como escola-internato. Essa modalidade prosperou e levou os Salesianos a ampliarem o pr\u00e9dio para receber alunos internos que predominavam, hegemonicamente, como polo de todas as aten\u00e7\u00f5es e foco de todas as organiza\u00e7\u00f5es.<\/p>\n<p>Em 1969, os Salesianos de Lins, tendo como Diretor o Pe. Ariento Domenici, levaram adiante a ideia da cria\u00e7\u00e3o de cursos em n\u00edvel superior com a proposta de instala\u00e7\u00e3o dos cursos de Administra\u00e7\u00e3o, Ci\u00eancias Cont\u00e1beis e Economia<\/p>\n<p>Durante o andamento do processo, decidiu-se pela exclus\u00e3o do curso de Economia e, ao mesmo tempo, iniciou-se a elabora\u00e7\u00e3o do projeto para criar a Faculdade de Educa\u00e7\u00e3o F\u00edsica de Lins.<\/p>\n<p>Em 10 de janeiro de 1972, acontece a aprova\u00e7\u00e3o da Faculdade de Ci\u00eancias Administrativas e Cont\u00e1beis de Lins \u2013 FACAC, e no dia 27 de janeiro do mesmo ano, a aprova\u00e7\u00e3o da Faculdade de Educa\u00e7\u00e3o F\u00edsica de Lins- FEFIL.<\/p>\n<p>Em 1976, o Pe. Carlos Del Torchio entrou com processo junto ao Conselho Federal de Educa\u00e7\u00e3o para a cria\u00e7\u00e3o da Faculdade de Sa\u00fade de Lins. Os cursos de Fisioterapia e Terapia Ocupacional tiveram seus projetos aprovados vinculados \u00e0 Faculdade de Educa\u00e7\u00e3o F\u00edsica de Lins. Em 15\/05\/85 foram reconhecidos pelo MEC. Desde 1996, s\u00e3o oferecidos cursos de p\u00f3s-gradua\u00e7\u00e3o &#8216;Lato Sensu&#8217; nas cinco \u00e1reas dos cursos oferecidos.<\/p>\n<p>&nbsp;<\/p>\n<h3><strong>A Faculdade Auxilium de Filosofia, Ci\u00eancias e Letras de Lins (Sede)<\/strong><\/h3>\n<p><img loading=\"lazy\" decoding=\"async\" class=\"size-full wp-image-50404 alignleft\" src=\"https:\/\/unisalesiano.com.br\/aracatuba\/wp-content\/uploads\/2026\/02\/Historico6.jpg\" alt=\"\" width=\"520\" height=\"200\" \/><\/p>\n<p>As Irm\u00e3s Filhas de Maria Auxiliadora, salesianas, chegaram a Lins em 1942 e assumiram a j\u00e1 existente \u201cEscola Normal Nossa Senhora Auxiliadora\u201d que, em 24 de mar\u00e7o de 1957, daria lugar \u00e0 funda\u00e7\u00e3o da Faculdade Auxilium de Filosofia, Ci\u00eancias e Letras de Lins &#8211; FAL.<\/p>\n<p>O primeiro Diretor foi Monsenhor Luiz Gonzaga Pasetto, respons\u00e1vel pelo funcionamento dos cursos de Pedagogia e Letras, criados em 1956. Logo em seguida, foram estabelecidos os cursos de Geografia e Hist\u00f3ria (1962) e, posteriormente, os cursos de Desenho e Artes (1977), Biologia, Qu\u00edmica, F\u00edsica e Matem\u00e1tica (1979), Filosofia (1993), Forma\u00e7\u00e3o de Psic\u00f3logos (2001) e o Programa Especial de Forma\u00e7\u00e3o Pedag\u00f3gica para Docentes do Ensino Fundamental e M\u00e9dio e Educa\u00e7\u00e3o Profissional em N\u00edvel M\u00e9dio (Res. CNE\/CP 02 de junho de 1997).<\/p>\n<p>Em 1999, a Institui\u00e7\u00e3o implantou uma s\u00e9rie de cursos sequenciais, em conson\u00e2ncia com o Artigo 44 da Lei 9394\/96 e a Resolu\u00e7\u00e3o CES n.\u00ba 1 de 27 de janeiro de 1999. Al\u00e9m dos j\u00e1 mencionados, a Faculdade Auxilium de Filosofia, Ci\u00eancias e Letras de Lins mant\u00e9m tamb\u00e9m cursos de Especializa\u00e7\u00e3o e P\u00f3s-Gradua\u00e7\u00e3o Lato Sensu (Resolu\u00e7\u00e3o CEE n.\u00ba 12\/83).<\/p>\n<p>&nbsp;<\/p>\n<h3><strong>O Centro Universit\u00e1rio Cat\u00f3lico Salesiano Auxilium &#8211; UniSALESIANO<\/strong><\/h3>\n<p><img loading=\"lazy\" decoding=\"async\" class=\"size-full wp-image-50387 alignleft\" src=\"https:\/\/unisalesiano.com.br\/aracatuba\/wp-content\/uploads\/2026\/02\/Historico3.jpg\" alt=\"\" width=\"520\" height=\"200\" \/><\/p>\n<p>No dia 29 de julho de 2005, o Di\u00e1rio Oficial da Uni\u00e3o publicava a Portaria 2.701, do Minist\u00e9rio da Educa\u00e7\u00e3o e Cultura (MEC), que autorizava a cria\u00e7\u00e3o do Centro Universit\u00e1rio Cat\u00f3lico Salesiano Auxilium \u2013 UniSALESIANO, unindo as Faculdades Cat\u00f3licas Salesianas de Ara\u00e7atuba, as Faculdades Salesianas de Lins e Faculdade de Filosofia Ci\u00eancias e Letras Auxilium de Lins. Desde esta data hist\u00f3rica para a educa\u00e7\u00e3o superior no Noroeste Paulista, o novo centro universit\u00e1rio apresentou um crescimento vertiginoso. At\u00e9 2015, o UniSALESIANO oferecia 28 cursos superiores, com oito mil alunos nos dois campi, entre cursos de gradua\u00e7\u00e3o e p\u00f3s-gradua\u00e7\u00e3o.<\/p>\n<p>Ainda em 2005, a institui\u00e7\u00e3o iniciava a constru\u00e7\u00e3o do novo campus em Ara\u00e7atuba, na rodovia Senador Teot\u00f4nio Villela. O campus foi inaugurado em fevereiro de 2006, com a entrega &#8211; em tempo recorde de apenas nove meses -, do primeiro dos tr\u00eas blocos, e a Igreja Universit\u00e1ria dedicada \u00e0 Nossa Senhora Auxiliadora. Todos os cursos superiores mantidos pelo UniSALESIANO foram, ent\u00e3o, transferidos para o novo complexo educacional, numa \u00e1rea de 8 alqueires &#8211; o que equivale a mais de 8 campos de futebol. O Campus Universit\u00e1rio disp\u00f5e de salas de aula, laborat\u00f3rios, biblioteca, espa\u00e7o para lazer e ampla \u00e1rea destinada a estacionamento de carros, motos e \u00f4nibus.<\/p>\n<p>Em 2007, foi entregue o segundo bloco do novo campus universit\u00e1rio. Novos cursos s\u00e3o autorizados: Tecnologia em Jogos Digitais (2008), Jornalismo, Farm\u00e1cia e Educa\u00e7\u00e3o F\u00edsica (2009), Qu\u00edmica, Ci\u00eancias Biol\u00f3gicas e Nutri\u00e7\u00e3o (2010), Servi\u00e7o Social, Engenharia de Bioprocessos, Engenharia El\u00e9trica e Engenharia Civil e Engenharia Mec\u00e2nica (2011), Medicina Veterin\u00e1ria e Psicologia (2012), e Arquitetura e Biomedicina(2013). Em 2014 \u00e9 inaugurado o terceiro bloco do campus universit\u00e1rio em Ara\u00e7atuba. Em 2015, o UniSALESIANO obteve do MEC, como nota de Recredenciamento, o conceito 4, considerado \u201cMuito Bom\u201d.<\/p>\n<p>Em 29 de janeiro de 2015, Pe. Luigi Favero \u00e9 empossado novo Magn\u00edfico Reitor do UniSALESIANO. Neste mesmo ano, a Institui\u00e7\u00e3o conquista a oportunidade de ter um curso de Medicina. Em agosto de 2019, o UniSALESIANO inaugurou seu Centro de Conviv\u00eancia, voltado ao conforto e bem-estar dos acad\u00eamicos, com sala de descanso, refeit\u00f3rio, academia, sala de dan\u00e7a, a capela, entre outros ambientes.<\/p>\n<p>Em 2020, Pe. Erondi Tamandar\u00e9, que esteve \u00e0 frente da Pastoral Universit\u00e1ria do UniSALESIANO, foi nomeado, no ano seguinte, Diretor-Geral da Presen\u00e7a Salesiana em Ara\u00e7atuba e Vice-Reitor do UniSALESIANO Ara\u00e7atuba. Ele permaneceu no cargo at\u00e9 dezembro de 2023, quando foi nomeado como Ec\u00f4nomo Inspetorial da Miss\u00e3o Salesiana de Mato Grosso, a mantenedora das casas salesianas. Assumiu, em janeiro de 2024, o posto de Diretor-Geral da Presen\u00e7a Salesiana em Ara\u00e7atuba e Reitor do UniSALESIANO Ara\u00e7atuba, Pe. Paulo Fernando Vendrame.<\/p>\n<p>Atualmente, o UniSALESIANO conta com 21 cursos de Ensino Superior, al\u00e9m de p\u00f3s-gradua\u00e7\u00e3o e doutorado.<\/p>\n<p><strong>Miss\u00e3o Institucional<\/strong><\/p>\n<p>O Centro Universit\u00e1rio Cat\u00f3lico Auxilium &#8211; UniSALESIANO, fundado em princ\u00edpios \u00e9ticos, crist\u00e3os e da pedagogia salesiana, e em conson\u00e2ncia com suas fun\u00e7\u00f5es de ensino, pesquisa e extens\u00e3o, inspirado nos princ\u00edpios e fins da Educa\u00e7\u00e3o Nacional, tem por Miss\u00e3o contribuir na forma\u00e7\u00e3o \u00e9tica, crist\u00e3 e salesiana de cidad\u00e3o, atrav\u00e9s da produ\u00e7\u00e3o e difus\u00e3o do conhecimento e da cultura.<br \/>\nEsta Miss\u00e3o se expressa na seguinte afirma\u00e7\u00e3o de Dom Bosco: formar bons crist\u00e3os, honestos cidad\u00e3os e profissionais competentes.<\/p>\n","protected":false},"excerpt":{"rendered":"<p>Resumo Hist\u00f3rico Salesiano Os Salesianos chegaram a Cuiab\u00e1-MT, em 18 de julho de 1894, coordenados por Dom Luiz Lasagna, onde fundaram a Miss\u00e3o Salesiana de Mato Grosso-MS. Os seus primeiros l\u00edderes e representantes seguiram para aquele Estado com o objetivo de continuar a obra educativa e crist\u00e3 iniciada por Dom Bosco, fundador da Obra Salesiana. [&hellip;]<\/p>\n","protected":false},"author":1,"featured_media":0,"parent":0,"menu_order":0,"comment_status":"open","ping_status":"open","template":"","meta":{"footnotes":""},"class_list":["post-370","page","type-page","status-publish","hentry"],"yoast_head":"<!-- This site is optimized with the Yoast SEO plugin v17.4 - https:\/\/yoast.com\/wordpress\/plugins\/seo\/ -->\n<title>Hist\u00f3rico - UniSALESIANO Ara\u00e7atuba\/SP<\/title>\n<meta name=\"robots\" content=\"index, follow, max-snippet:-1, max-image-preview:large, max-video-preview:-1\" \/>\n<link rel=\"canonical\" href=\"https:\/\/unisalesiano.com.br\/aracatuba\/historico\/\" \/>\n<meta property=\"og:locale\" content=\"pt_BR\" \/>\n<meta property=\"og:type\" content=\"article\" \/>\n<meta property=\"og:title\" content=\"Hist\u00f3rico - UniSALESIANO Ara\u00e7atuba\/SP\" \/>\n<meta property=\"og:description\" content=\"Resumo Hist\u00f3rico Salesiano Os Salesianos chegaram a Cuiab\u00e1-MT, em 18 de julho de 1894, coordenados por Dom Luiz Lasagna, onde fundaram a Miss\u00e3o Salesiana de Mato Grosso-MS. Os seus primeiros l\u00edderes e representantes seguiram para aquele Estado com o objetivo de continuar a obra educativa e crist\u00e3 iniciada por Dom Bosco, fundador da Obra Salesiana. [&hellip;]\" \/>\n<meta property=\"og:url\" content=\"https:\/\/unisalesiano.com.br\/aracatuba\/historico\/\" \/>\n<meta property=\"og:site_name\" content=\"UniSALESIANO Ara\u00e7atuba\/SP\" \/>\n<meta property=\"article:modified_time\" content=\"2026-02-09T19:59:46+00:00\" \/>\n<meta property=\"og:image\" content=\"https:\/\/unisalesiano.com.br\/aracatuba\/wp-content\/uploads\/2026\/02\/Historico1.jpg\" \/>\n<meta name=\"twitter:card\" content=\"summary_large_image\" \/>\n<meta name=\"twitter:label1\" content=\"Est. tempo de leitura\" \/>\n\t<meta name=\"twitter:data1\" content=\"8 minutos\" \/>\n<script type=\"application\/ld+json\" class=\"yoast-schema-graph\">{\"@context\":\"https:\/\/schema.org\",\"@graph\":[{\"@type\":\"WebSite\",\"@id\":\"https:\/\/unisalesiano.com.br\/aracatuba\/#website\",\"url\":\"https:\/\/unisalesiano.com.br\/aracatuba\/\",\"name\":\"UniSALESIANO Ara\\u00e7atuba\/SP\",\"description\":\"Centro Universit\\u00e1rio Cat\\u00f3lico Salesiano Auxilium\",\"potentialAction\":[{\"@type\":\"SearchAction\",\"target\":{\"@type\":\"EntryPoint\",\"urlTemplate\":\"https:\/\/unisalesiano.com.br\/aracatuba\/?s={search_term_string}\"},\"query-input\":\"required name=search_term_string\"}],\"inLanguage\":\"pt-BR\"},{\"@type\":\"ImageObject\",\"@id\":\"https:\/\/unisalesiano.com.br\/aracatuba\/historico\/#primaryimage\",\"inLanguage\":\"pt-BR\",\"url\":\"https:\/\/unisalesiano.com.br\/aracatuba\/wp-content\/uploads\/2026\/02\/Historico1.jpg\",\"contentUrl\":\"https:\/\/unisalesiano.com.br\/aracatuba\/wp-content\/uploads\/2026\/02\/Historico1.jpg\",\"width\":520,\"height\":200},{\"@type\":\"WebPage\",\"@id\":\"https:\/\/unisalesiano.com.br\/aracatuba\/historico\/#webpage\",\"url\":\"https:\/\/unisalesiano.com.br\/aracatuba\/historico\/\",\"name\":\"Hist\\u00f3rico - UniSALESIANO Ara\\u00e7atuba\/SP\",\"isPartOf\":{\"@id\":\"https:\/\/unisalesiano.com.br\/aracatuba\/#website\"},\"primaryImageOfPage\":{\"@id\":\"https:\/\/unisalesiano.com.br\/aracatuba\/historico\/#primaryimage\"},\"datePublished\":\"2018-03-15T11:39:43+00:00\",\"dateModified\":\"2026-02-09T19:59:46+00:00\",\"breadcrumb\":{\"@id\":\"https:\/\/unisalesiano.com.br\/aracatuba\/historico\/#breadcrumb\"},\"inLanguage\":\"pt-BR\",\"potentialAction\":[{\"@type\":\"ReadAction\",\"target\":[\"https:\/\/unisalesiano.com.br\/aracatuba\/historico\/\"]}]},{\"@type\":\"BreadcrumbList\",\"@id\":\"https:\/\/unisalesiano.com.br\/aracatuba\/historico\/#breadcrumb\",\"itemListElement\":[{\"@type\":\"ListItem\",\"position\":1,\"name\":\"In\\u00edcio\",\"item\":\"https:\/\/unisalesiano.com.br\/aracatuba\/\"},{\"@type\":\"ListItem\",\"position\":2,\"name\":\"Hist\\u00f3rico\"}]}]}<\/script>\n<!-- \/ Yoast SEO plugin. -->","yoast_head_json":{"title":"Hist\u00f3rico - UniSALESIANO Ara\u00e7atuba\/SP","robots":{"index":"index","follow":"follow","max-snippet":"max-snippet:-1","max-image-preview":"max-image-preview:large","max-video-preview":"max-video-preview:-1"},"canonical":"https:\/\/unisalesiano.com.br\/aracatuba\/historico\/","og_locale":"pt_BR","og_type":"article","og_title":"Hist\u00f3rico - UniSALESIANO Ara\u00e7atuba\/SP","og_description":"Resumo Hist\u00f3rico Salesiano Os Salesianos chegaram a Cuiab\u00e1-MT, em 18 de julho de 1894, coordenados por Dom Luiz Lasagna, onde fundaram a Miss\u00e3o Salesiana de Mato Grosso-MS. Os seus primeiros l\u00edderes e representantes seguiram para aquele Estado com o objetivo de continuar a obra educativa e crist\u00e3 iniciada por Dom Bosco, fundador da Obra Salesiana. [&hellip;]","og_url":"https:\/\/unisalesiano.com.br\/aracatuba\/historico\/","og_site_name":"UniSALESIANO Ara\u00e7atuba\/SP","article_modified_time":"2026-02-09T19:59:46+00:00","og_image":[{"url":"https:\/\/unisalesiano.com.br\/aracatuba\/wp-content\/uploads\/2026\/02\/Historico1.jpg"}],"twitter_card":"summary_large_image","twitter_misc":{"Est. tempo de leitura":"8 minutos"},"schema":{"@context":"https:\/\/schema.org","@graph":[{"@type":"WebSite","@id":"https:\/\/unisalesiano.com.br\/aracatuba\/#website","url":"https:\/\/unisalesiano.com.br\/aracatuba\/","name":"UniSALESIANO Ara\u00e7atuba\/SP","description":"Centro Universit\u00e1rio Cat\u00f3lico Salesiano Auxilium","potentialAction":[{"@type":"SearchAction","target":{"@type":"EntryPoint","urlTemplate":"https:\/\/unisalesiano.com.br\/aracatuba\/?s={search_term_string}"},"query-input":"required name=search_term_string"}],"inLanguage":"pt-BR"},{"@type":"ImageObject","@id":"https:\/\/unisalesiano.com.br\/aracatuba\/historico\/#primaryimage","inLanguage":"pt-BR","url":"https:\/\/unisalesiano.com.br\/aracatuba\/wp-content\/uploads\/2026\/02\/Historico1.jpg","contentUrl":"https:\/\/unisalesiano.com.br\/aracatuba\/wp-content\/uploads\/2026\/02\/Historico1.jpg","width":520,"height":200},{"@type":"WebPage","@id":"https:\/\/unisalesiano.com.br\/aracatuba\/historico\/#webpage","url":"https:\/\/unisalesiano.com.br\/aracatuba\/historico\/","name":"Hist\u00f3rico - UniSALESIANO Ara\u00e7atuba\/SP","isPartOf":{"@id":"https:\/\/unisalesiano.com.br\/aracatuba\/#website"},"primaryImageOfPage":{"@id":"https:\/\/unisalesiano.com.br\/aracatuba\/historico\/#primaryimage"},"datePublished":"2018-03-15T11:39:43+00:00","dateModified":"2026-02-09T19:59:46+00:00","breadcrumb":{"@id":"https:\/\/unisalesiano.com.br\/aracatuba\/historico\/#breadcrumb"},"inLanguage":"pt-BR","potentialAction":[{"@type":"ReadAction","target":["https:\/\/unisalesiano.com.br\/aracatuba\/historico\/"]}]},{"@type":"BreadcrumbList","@id":"https:\/\/unisalesiano.com.br\/aracatuba\/historico\/#breadcrumb","itemListElement":[{"@type":"ListItem","position":1,"name":"In\u00edcio","item":"https:\/\/unisalesiano.com.br\/aracatuba\/"},{"@type":"ListItem","position":2,"name":"Hist\u00f3rico"}]}]}},"_links":{"self":[{"href":"https:\/\/unisalesiano.com.br\/aracatuba\/wp-json\/wp\/v2\/pages\/370","targetHints":{"allow":["GET"]}}],"collection":[{"href":"https:\/\/unisalesiano.com.br\/aracatuba\/wp-json\/wp\/v2\/pages"}],"about":[{"href":"https:\/\/unisalesiano.com.br\/aracatuba\/wp-json\/wp\/v2\/types\/page"}],"author":[{"embeddable":true,"href":"https:\/\/unisalesiano.com.br\/aracatuba\/wp-json\/wp\/v2\/users\/1"}],"replies":[{"embeddable":true,"href":"https:\/\/unisalesiano.com.br\/aracatuba\/wp-json\/wp\/v2\/comments?post=370"}],"version-history":[{"count":0,"href":"https:\/\/unisalesiano.com.br\/aracatuba\/wp-json\/wp\/v2\/pages\/370\/revisions"}],"wp:attachment":[{"href":"https:\/\/unisalesiano.com.br\/aracatuba\/wp-json\/wp\/v2\/media?parent=370"}],"curies":[{"name":"wp","href":"https:\/\/api.w.org\/{rel}","templated":true}]}}