{"version":"1.0","provider_name":"UniSALESIANO Ara\u00e7atuba\/SP","provider_url":"https:\/\/unisalesiano.com.br\/aracatuba","author_name":"admin","author_url":"https:\/\/unisalesiano.com.br\/aracatuba\/author\/admin\/","title":"FCS\/UCDB e Governo Estadual firmam novo conv\u00eanio - UniSALESIANO Ara\u00e7atuba\/SP","type":"rich","width":600,"height":338,"html":"<blockquote class=\"wp-embedded-content\" data-secret=\"1WhdZPQfiC\"><a href=\"https:\/\/unisalesiano.com.br\/aracatuba\/fcs-ucdb-e-governo-estadual-firmam-novo-convenio\/\">FCS\/UCDB e Governo Estadual firmam novo conv\u00eanio<\/a><\/blockquote><iframe sandbox=\"allow-scripts\" security=\"restricted\" src=\"https:\/\/unisalesiano.com.br\/aracatuba\/fcs-ucdb-e-governo-estadual-firmam-novo-convenio\/embed\/#?secret=1WhdZPQfiC\" width=\"600\" height=\"338\" title=\"&#8220;FCS\/UCDB e Governo Estadual firmam novo conv\u00eanio&#8221; &#8212; UniSALESIANO Ara\u00e7atuba\/SP\" data-secret=\"1WhdZPQfiC\" frameborder=\"0\" marginwidth=\"0\" marginheight=\"0\" scrolling=\"no\" class=\"wp-embedded-content\"><\/iframe><script type=\"text\/javascript\">\n\/* <![CDATA[ *\/\n\/*! This file is auto-generated *\/\n!function(d,l){\"use strict\";l.querySelector&&d.addEventListener&&\"undefined\"!=typeof URL&&(d.wp=d.wp||{},d.wp.receiveEmbedMessage||(d.wp.receiveEmbedMessage=function(e){var t=e.data;if((t||t.secret||t.message||t.value)&&!\/[^a-zA-Z0-9]\/.test(t.secret)){for(var s,r,n,a=l.querySelectorAll('iframe[data-secret=\"'+t.secret+'\"]'),o=l.querySelectorAll('blockquote[data-secret=\"'+t.secret+'\"]'),c=new RegExp(\"^https?:$\",\"i\"),i=0;i<o.length;i++)o[i].style.display=\"none\";for(i=0;i<a.length;i++)s=a[i],e.source===s.contentWindow&&(s.removeAttribute(\"style\"),\"height\"===t.message?(1e3<(r=parseInt(t.value,10))?r=1e3:~~r<200&&(r=200),s.height=r):\"link\"===t.message&&(r=new URL(s.getAttribute(\"src\")),n=new URL(t.value),c.test(n.protocol))&&n.host===r.host&&l.activeElement===s&&(d.top.location.href=t.value))}},d.addEventListener(\"message\",d.wp.receiveEmbedMessage,!1),l.addEventListener(\"DOMContentLoaded\",function(){for(var e,t,s=l.querySelectorAll(\"iframe.wp-embedded-content\"),r=0;r<s.length;r++)(t=(e=s[r]).getAttribute(\"data-secret\"))||(t=Math.random().toString(36).substring(2,12),e.src+=\"#?secret=\"+t,e.setAttribute(\"data-secret\",t)),e.contentWindow.postMessage({message:\"ready\",secret:t},\"*\")},!1)))}(window,document);\n\/\/# sourceURL=https:\/\/unisalesiano.com.br\/aracatuba\/wp-includes\/js\/wp-embed.min.js\n\/* ]]> *\/\n<\/script>\n","thumbnail_url":"https:\/\/unisalesiano.com.br\/aracatuba\/wp-content\/uploads\/2018\/11\/2005-05-14-44B-FCS-UCDB-e-Governo-Estadual-firmam-novo-conv\u00eanio.jpg","thumbnail_width":220,"thumbnail_height":165,"description":"Projeto \u00b4Teia do Saber\u00b4 capacitar\u00e1 novos 200 profissionais de ensino Foi lan\u00e7ada neste s\u00e1bado, 14, a segunda turma do Projeto \u00b4Teia do Saber\u00b4, uma parceria criada entre a Universidade Cat\u00f3lica Dom Bosco (UCDB), as Faculdades Cat\u00f3licas Salesianas de Ara\u00e7atuba e o Governo do Estado de S\u00e3o Paulo. Iniciada h\u00e1 um m\u00eas junto \u00e0 Diretoria de [&hellip;]"}